{"id":31360,"date":"2016-12-06T10:21:38","date_gmt":"2016-12-06T09:21:38","guid":{"rendered":"http:\/\/redesign2016neu2.sleepandmeet.firma.cc\/?page_id=31360\/"},"modified":"2025-04-08T15:20:12","modified_gmt":"2025-04-08T13:20:12","slug":"location","status":"publish","type":"page","link":"https:\/\/parkinnberlinalexanderplatz.eventhotels.biz\/en\/location\/","title":{"rendered":"Location"},"content":{"rendered":"<p>[et_pb_section fb_built=&#8221;1&#8243; module_id=&#8221;kontakt&#8221; _builder_version=&#8221;4.21.0&#8243; _module_preset=&#8221;default&#8221; custom_padding=&#8221;||0px||false|false&#8221; locked=&#8221;off&#8221; global_colors_info=&#8221;{}&#8221;][et_pb_row use_custom_gutter=&#8221;on&#8221; gutter_width=&#8221;1&#8243; module_id=&#8221;Lage&#8221; _builder_version=&#8221;4.21.0&#8243; _module_preset=&#8221;30fb5cec-30f7-44e4-9307-fcc0100628bd&#8221; width=&#8221;90%&#8221; width_phone=&#8221;90%&#8221; max_width=&#8221;90%&#8221; global_colors_info=&#8221;{}&#8221;][et_pb_column type=&#8221;4_4&#8243; _builder_version=&#8221;4.17.6&#8243; _module_preset=&#8221;default&#8221; global_colors_info=&#8221;{}&#8221;][et_pb_map address=&#8221;Alexanderpl. 7, 10178 Berlin, Germany&#8221; zoom_level=&#8221;14&#8243; address_lat=&#8221;52.522863884599&#8243; address_lng=&#8221;13.413795568262&#8243; mouse_wheel=&#8221;off&#8221; use_grayscale_filter=&#8221;on&#8221; grayscale_filter_amount=&#8221;90%&#8221; _builder_version=&#8221;4.23.4&#8243; _module_preset=&#8221;default&#8221; min_height=&#8221;440px&#8221; custom_margin=&#8221;||87px||false|false&#8221; custom_padding=&#8221;||0px||false|false&#8221; locked=&#8221;off&#8221; global_colors_info=&#8221;{}&#8221;][et_pb_map_pin title=&#8221;Park Inn by Radisson Berlin Alexanderplatz&#8221; pin_address=&#8221;Alexanderpl. 7, 10178 Berlin, Germany&#8221; zoom_level=&#8221;14&#8243; pin_address_lat=&#8221;52.5230222&#8243; pin_address_lng=&#8221;13.4124047&#8243; _builder_version=&#8221;4.23.4&#8243; _module_preset=&#8221;default&#8221; global_colors_info=&#8221;{}&#8221;][\/et_pb_map_pin][\/et_pb_map][et_pb_text _builder_version=&#8221;4.21.0&#8243; _module_preset=&#8221;default&#8221; text_font=&#8221;||||||||&#8221; text_text_color=&#8221;#000000&#8243; header_font=&#8221;Jost|200|||||||&#8221; header_text_align=&#8221;center&#8221; header_font_size=&#8221;3vw&#8221; header_line_height=&#8221;1.1em&#8221; header_2_font=&#8221;Jost||||||||&#8221; header_2_text_align=&#8221;center&#8221; header_2_font_size=&#8221;2vw&#8221; header_2_line_height=&#8221;1.1em&#8221; text_orientation=&#8221;center&#8221; width_tablet=&#8221;80%&#8221; width_phone=&#8221;&#8221; width_last_edited=&#8221;on|tablet&#8221; module_alignment=&#8221;center&#8221; custom_padding=&#8221;0px|||10px|false|false&#8221; text_font_size_tablet=&#8221;2.5vw&#8221; text_font_size_phone=&#8221;5vw&#8221; text_font_size_last_edited=&#8221;off|phone&#8221; locked=&#8221;off&#8221; global_colors_info=&#8221;{}&#8221;]<\/p>\n<p>Park Inn by Radisson Berlin Alexanderplatz | Alexanderplatz 7 | 10178 Berlin | <a href=\"https:\/\/goo.gl\/maps\/M4d5Yjfzcc3toQm86\" target=\"_blank\" rel=\"noopener\"><strong>Calculate route \u2192<\/strong><\/a><\/p>\n<p>[\/et_pb_text][\/et_pb_column][\/et_pb_row][\/et_pb_section][et_pb_section fb_built=&#8221;1&#8243; _builder_version=&#8221;4.21.0&#8243; _module_preset=&#8221;default&#8221; custom_padding=&#8221;||0px||false|false&#8221; locked=&#8221;off&#8221; global_colors_info=&#8221;{}&#8221;][et_pb_row _builder_version=&#8221;4.18.0&#8243; _module_preset=&#8221;8abb87a6-c778-448e-bb38-ef9d3db944e7&#8243; width_tablet=&#8221;&#8221; width_phone=&#8221;&#8221; width_last_edited=&#8221;on|phone&#8221; global_colors_info=&#8221;{}&#8221;][et_pb_column type=&#8221;4_4&#8243; _builder_version=&#8221;4.17.6&#8243; _module_preset=&#8221;default&#8221; global_colors_info=&#8221;{}&#8221;][dsm_breadcrumbs home_icon=&#8221;&#xe0e3;||divi||400&#8243; align=&#8221;center&#8221; items_padding=&#8221;|0px|0px|0px|false|false&#8221; _builder_version=&#8221;4.17.6&#8243; _module_preset=&#8221;default&#8221; items_font=&#8221;Jost|300|||||||&#8221; items_text_color=&#8221;#000000&#8243; items_font_size=&#8221;18px&#8221; items_line_height=&#8221;1.2em&#8221; home_icon_text_color=&#8221;#000000&#8243; current_font=&#8221;Jost|300|||||||&#8221; current_text_color=&#8221;#000000&#8243; current_font_size=&#8221;18px&#8221; current_line_height=&#8221;1.2em&#8221; items_font_size_tablet=&#8221;14px&#8221; items_font_size_phone=&#8221;&#8221; items_font_size_last_edited=&#8221;on|tablet&#8221; current_font_size_tablet=&#8221;14px&#8221; current_font_size_phone=&#8221;&#8221; current_font_size_last_edited=&#8221;on|tablet&#8221; global_colors_info=&#8221;{}&#8221;][\/dsm_breadcrumbs][et_pb_text _builder_version=&#8221;4.21.0&#8243; _module_preset=&#8221;default&#8221; text_font=&#8221;||||||||&#8221; header_text_align=&#8221;center&#8221; header_2_font=&#8221;Jost||||||||&#8221; header_2_text_align=&#8221;center&#8221; header_2_font_size=&#8221;3vw&#8221; header_2_line_height=&#8221;1.1em&#8221; custom_margin=&#8221;||5px||false|false&#8221; custom_padding=&#8221;||||false|false&#8221; custom_padding_tablet=&#8221;&#8221; custom_padding_phone=&#8221;5px||||false|false&#8221; custom_padding_last_edited=&#8221;on|phone&#8221; header_font_size_tablet=&#8221;6vw&#8221; header_font_size_phone=&#8221;7vw&#8221; header_font_size_last_edited=&#8221;off|desktop&#8221; header_2_font_size_tablet=&#8221;3vw&#8221; header_2_font_size_phone=&#8221;6vw&#8221; header_2_font_size_last_edited=&#8221;on|phone&#8221; global_colors_info=&#8221;{}&#8221;]<\/p>\n<h1>exclusive location directly at Alexanderplatz<\/h1>\n<p>[\/et_pb_text][\/et_pb_column][\/et_pb_row][\/et_pb_section][et_pb_section fb_built=&#8221;1&#8243; _builder_version=&#8221;4.17.6&#8243; _module_preset=&#8221;default&#8221; custom_padding=&#8221;50px||10px||false|false&#8221; locked=&#8221;off&#8221; global_colors_info=&#8221;{}&#8221;][et_pb_row _builder_version=&#8221;4.21.0&#8243; _module_preset=&#8221;c6c76dc6-b070-4837-9548-dbd0ad9be7e7&#8243; global_colors_info=&#8221;{}&#8221;][et_pb_column type=&#8221;4_4&#8243; _builder_version=&#8221;4.21.0&#8243; _module_preset=&#8221;default&#8221; global_colors_info=&#8221;{}&#8221;][dica_divi_carousel transition_duration=&#8221;900&#8243; loop=&#8221;on&#8221; autoplay=&#8221;on&#8221; hoverpause=&#8221;on&#8221; autoplay_speed=&#8221;1800&#8243; dot_nav=&#8221;on&#8221; advanced_effect=&#8221;1&#8243; arrow_nav_color=&#8221;#000000&#8243; dots_active_color=&#8221;#000000&#8243; overlay_color_field_bgcolor=&#8221;rgba(255,255,255,0.85)&#8221; module_class=&#8221;caroussel&#8221; _builder_version=&#8221;4.21.0&#8243; _module_preset=&#8221;default&#8221; title_text_align=&#8221;center&#8221; subtitle_text_align=&#8221;center&#8221; body_text_align=&#8221;center&#8221; global_colors_info=&#8221;{}&#8221;][dica_divi_carouselitem title=&#8221;S-Bahn, subway, tram&#8221; button_url_new_window=&#8221;1&#8243; use_icon=&#8221;on&#8221; font_icon=&#8221;&#xf239;||fa||900&#8243; icon_color=&#8221;#000000&#8243; content_padding=&#8221;20px||||false|false&#8221; _builder_version=&#8221;4.21.0&#8243; _module_preset=&#8221;default&#8221; global_colors_info=&#8221;{}&#8221;]<\/p>\n<p>100m<\/p>\n<p>[\/dica_divi_carouselitem][dica_divi_carouselitem title=&#8221;Alexa Shoppingcenter&#8221; button_url_new_window=&#8221;1&#8243; use_icon=&#8221;on&#8221; font_icon=&#8221;&#xf07a;||fa||900&#8243; icon_color=&#8221;#000000&#8243; content_padding=&#8221;20px||||false|false&#8221; _builder_version=&#8221;4.21.0&#8243; _module_preset=&#8221;default&#8221; global_colors_info=&#8221;{}&#8221;]<\/p>\n<p>100m<\/p>\n<p>[\/dica_divi_carouselitem][dica_divi_carouselitem title=&#8221;Berlin Congress Center&#8221; button_url_new_window=&#8221;1&#8243; use_icon=&#8221;on&#8221; font_icon=&#8221;&#xf594;||fa||900&#8243; icon_color=&#8221;#000000&#8243; content_padding=&#8221;20px||||false|false&#8221; _builder_version=&#8221;4.21.0&#8243; _module_preset=&#8221;default&#8221; global_colors_info=&#8221;{}&#8221;]<\/p>\n<p>100m<\/p>\n<p>[\/dica_divi_carouselitem][dica_divi_carouselitem title=&#8221;TV Tower&#8221; button_url_new_window=&#8221;1&#8243; use_icon=&#8221;on&#8221; font_icon=&#8221;&#xf3c5;||fa||900&#8243; icon_color=&#8221;#000000&#8243; content_padding=&#8221;20px||||false|false&#8221; _builder_version=&#8221;4.21.0&#8243; _module_preset=&#8221;default&#8221; global_colors_info=&#8221;{}&#8221;]<\/p>\n<p>200m<\/p>\n<p>[\/dica_divi_carouselitem][dica_divi_carouselitem title=&#8221;Brandenburg Gate&#8221; button_url_new_window=&#8221;1&#8243; use_icon=&#8221;on&#8221; font_icon=&#8221;&#xf557;||fa||900&#8243; icon_color=&#8221;#000000&#8243; content_padding=&#8221;20px||||false|false&#8221; _builder_version=&#8221;4.21.0&#8243; _module_preset=&#8221;default&#8221; global_colors_info=&#8221;{}&#8221;]<\/p>\n<p>2,5 km<\/p>\n<p>[\/dica_divi_carouselitem][dica_divi_carouselitem title=&#8221;Holocaust Memorial&#8221; button_url_new_window=&#8221;1&#8243; use_icon=&#8221;on&#8221; font_icon=&#8221;&#xf3c5;||fa||900&#8243; icon_color=&#8221;#000000&#8243; content_padding=&#8221;20px||||false|false&#8221; _builder_version=&#8221;4.21.0&#8243; _module_preset=&#8221;default&#8221; global_colors_info=&#8221;{}&#8221;]<\/p>\n<p>2,5 km<\/p>\n<p>[\/dica_divi_carouselitem][dica_divi_carouselitem title=&#8221;Komische Oper&#8221; button_url_new_window=&#8221;1&#8243; use_icon=&#8221;on&#8221; font_icon=&#8221;&#xf19c;||fa||900&#8243; icon_color=&#8221;#000000&#8243; content_padding=&#8221;20px||||false|false&#8221; _builder_version=&#8221;4.21.0&#8243; _module_preset=&#8221;default&#8221; global_colors_info=&#8221;{}&#8221;]<\/p>\n<p>2,8 km<\/p>\n<p>[\/dica_divi_carouselitem][dica_divi_carouselitem title=&#8221;Berlin Central Station&#8221; button_url_new_window=&#8221;1&#8243; use_icon=&#8221;on&#8221; font_icon=&#8221;&#xf239;||fa||900&#8243; icon_color=&#8221;#000000&#8243; content_padding=&#8221;20px||||false|false&#8221; _builder_version=&#8221;4.21.0&#8243; _module_preset=&#8221;default&#8221; global_colors_info=&#8221;{}&#8221;]<\/p>\n<p>4,7 km<\/p>\n<p>[\/dica_divi_carouselitem][dica_divi_carouselitem title=&#8221;Berlin Trade Fair&#8221; button_url_new_window=&#8221;1&#8243; use_icon=&#8221;on&#8221; font_icon=&#8221;&#xf0c0;||fa||900&#8243; icon_color=&#8221;#000000&#8243; content_padding=&#8221;20px||||false|false&#8221; _builder_version=&#8221;4.21.0&#8243; _module_preset=&#8221;default&#8221; global_colors_info=&#8221;{}&#8221;]<\/p>\n<p>11 km<\/p>\n<p>[\/dica_divi_carouselitem][dica_divi_carouselitem title=&#8221;Berlin Brandenburg Airport BER&#8221; button_url_new_window=&#8221;1&#8243; use_icon=&#8221;on&#8221; font_icon=&#8221;&#xf5b0;||fa||900&#8243; icon_color=&#8221;#000000&#8243; content_padding=&#8221;20px||||false|false&#8221; _builder_version=&#8221;4.21.0&#8243; _module_preset=&#8221;default&#8221; global_colors_info=&#8221;{}&#8221;]<\/p>\n<p>26,7 km<\/p>\n<p>[\/dica_divi_carouselitem][\/dica_divi_carousel][\/et_pb_column][\/et_pb_row][\/et_pb_section][et_pb_section fb_built=&#8221;1&#8243; disabled_on=&#8221;off|off|off&#8221; _builder_version=&#8221;4.21.0&#8243; _module_preset=&#8221;default&#8221; custom_margin=&#8221;||||false|false&#8221; custom_padding=&#8221;0px||0px||false|false&#8221; locked=&#8221;off&#8221; global_colors_info=&#8221;{}&#8221;][et_pb_row _builder_version=&#8221;4.19.2&#8243; _module_preset=&#8221;b462c8ec-b9ff-4c32-b98c-c2830cb850ec&#8221; width_last_edited=&#8221;off|phone&#8221; global_colors_info=&#8221;{}&#8221;][et_pb_column type=&#8221;4_4&#8243; _builder_version=&#8221;4.17.6&#8243; _module_preset=&#8221;default&#8221; global_colors_info=&#8221;{}&#8221;][et_pb_text _builder_version=&#8221;4.27.4&#8243; _module_preset=&#8221;default&#8221; text_font=&#8221;Jost|300|||||||&#8221; text_text_color=&#8221;#000000&#8243; header_font=&#8221;Jost|200|||||||&#8221; header_text_align=&#8221;center&#8221; header_font_size=&#8221;3vw&#8221; header_line_height=&#8221;1.1em&#8221; header_2_font=&#8221;Jost||||||||&#8221; header_2_text_align=&#8221;center&#8221; header_2_font_size=&#8221;2vw&#8221; header_2_line_height=&#8221;1.1em&#8221; text_orientation=&#8221;center&#8221; width=&#8221;80%&#8221; width_tablet=&#8221;auto&#8221; width_phone=&#8221;100%&#8221; width_last_edited=&#8221;on|desktop&#8221; module_alignment=&#8221;center&#8221; custom_padding=&#8221;20px||||false|false&#8221; custom_padding_tablet=&#8221;50px||||false|false&#8221; custom_padding_phone=&#8221;|5px||5px|false|true&#8221; custom_padding_last_edited=&#8221;off|desktop&#8221; text_font_size_tablet=&#8221;2.5vw&#8221; text_font_size_phone=&#8221;4vw&#8221; text_font_size_last_edited=&#8221;on|tablet&#8221; global_colors_info=&#8221;{}&#8221;]<\/p>\n<p>The Park Inn by Radisson Berlin Alexanderplatz is the tallest hotel in Germany and the second-largest hotel in Germany with over 1029 rooms. Alongside the Berlin TV Tower, the Park Inn forms a highly visible landmark in Berlin-Mitte at Alexanderplatz. Due to its central location, you will find numerous attractions in the vicinity.<\/p>\n<p>[\/et_pb_text][\/et_pb_column][\/et_pb_row][\/et_pb_section][et_pb_section fb_built=&#8221;1&#8243; disabled_on=&#8221;off|off|off&#8221; _builder_version=&#8221;4.21.0&#8243; _module_preset=&#8221;default&#8221; use_background_color_gradient=&#8221;on&#8221; background_color_gradient_direction=&#8221;90deg&#8221; background_color_gradient_stops=&#8221;#ffffff 40%|#f8f8f8 40%&#8221; custom_margin=&#8221;64px||80px||false|false&#8221; custom_padding=&#8221;||||false|false&#8221; locked=&#8221;off&#8221; global_colors_info=&#8221;{}&#8221;][et_pb_row _builder_version=&#8221;4.21.0&#8243; _module_preset=&#8221;b462c8ec-b9ff-4c32-b98c-c2830cb850ec&#8221; background_enable_color=&#8221;off&#8221; width_last_edited=&#8221;off|desktop&#8221; custom_margin=&#8221;||||false|false&#8221; custom_padding=&#8221;||||false|false&#8221; global_colors_info=&#8221;{}&#8221;][et_pb_column type=&#8221;4_4&#8243; _builder_version=&#8221;4.17.6&#8243; _module_preset=&#8221;default&#8221; global_colors_info=&#8221;{}&#8221;][et_pb_text _builder_version=&#8221;4.21.2&#8243; _module_preset=&#8221;default&#8221; text_font=&#8221;||||||||&#8221; header_font=&#8221;|200|||||||&#8221; header_text_align=&#8221;center&#8221; header_2_font=&#8221;||||||||&#8221; header_2_text_align=&#8221;center&#8221; custom_margin=&#8221;||5px||false|false&#8221; custom_padding=&#8221;1vw||||false|false&#8221; header_2_font_size_tablet=&#8221;5vw&#8221; header_2_font_size_phone=&#8221;6vw&#8221; header_2_font_size_last_edited=&#8221;off|desktop&#8221; locked=&#8221;off&#8221; global_colors_info=&#8221;{}&#8221;]<\/p>\n<h2>More info about the hotel location<\/h2>\n<p>[\/et_pb_text][\/et_pb_column][\/et_pb_row][et_pb_row column_structure=&#8221;1_3,1_3,1_3&#8243; custom_padding_last_edited=&#8221;on|desktop&#8221; _builder_version=&#8221;4.21.0&#8243; _module_preset=&#8221;b462c8ec-b9ff-4c32-b98c-c2830cb850ec&#8221; background_enable_color=&#8221;off&#8221; width_last_edited=&#8221;off|desktop&#8221; custom_margin=&#8221;||||false|false&#8221; custom_padding=&#8221;|120px||120px|false|true&#8221; custom_padding_tablet=&#8221;|40px||40px|false|true&#8221; custom_padding_phone=&#8221;|20px||20px|false|true&#8221; global_colors_info=&#8221;{}&#8221;][et_pb_column type=&#8221;1_3&#8243; _builder_version=&#8221;4.17.6&#8243; _module_preset=&#8221;default&#8221; global_colors_info=&#8221;{}&#8221;][et_pb_text ul_type=&#8221;circle&#8221; ul_item_indent_tablet=&#8221;&#8221; ul_item_indent_phone=&#8221;50px&#8221; ul_item_indent_last_edited=&#8221;on|phone&#8221; _builder_version=&#8221;4.27.0&#8243; _module_preset=&#8221;default&#8221; ul_font=&#8221;|300|||||||&#8221; ul_text_color=&#8221;#000000&#8243; ul_font_size=&#8221;16px&#8221; ul_line_height=&#8221;1.9em&#8221; border_color_right=&#8221;rgba(0,0,0,0.3)&#8221; border_color_right_tablet=&#8221;RGBA(255,255,255,0)&#8221; border_color_right_phone=&#8221;RGBA(255,255,255,0)&#8221; border_color_right_last_edited=&#8221;on|phone&#8221; global_colors_info=&#8221;{}&#8221;]<\/p>\n<p><strong>Arrival by car:<\/strong><\/p>\n<ul>\n<li>Address for navigation: Alexanderplatz 7, 10178 Berlin<\/li>\n<li>Parking: Parking garage (subject to availability)<\/li>\n<li>Prices: max. \u20ac 24\/ 24 hours<\/li>\n<li>max. height of the car in our car park is 1.7m<\/li>\n<\/ul>\n<p>[\/et_pb_text][\/et_pb_column][et_pb_column type=&#8221;1_3&#8243; _builder_version=&#8221;4.17.6&#8243; _module_preset=&#8221;default&#8221; global_colors_info=&#8221;{}&#8221;][et_pb_text ul_type=&#8221;circle&#8221; ul_item_indent_tablet=&#8221;&#8221; ul_item_indent_phone=&#8221;50px&#8221; ul_item_indent_last_edited=&#8221;on|phone&#8221; disabled_on=&#8221;off|off|off&#8221; _builder_version=&#8221;4.21.0&#8243; _module_preset=&#8221;default&#8221; ul_font=&#8221;|300|||||||&#8221; ul_text_color=&#8221;#000000&#8243; ul_font_size=&#8221;16px&#8221; ul_line_height=&#8221;1.9em&#8221; custom_margin_tablet=&#8221;-45px||||false|false&#8221; custom_margin_phone=&#8221;-45px||||false|false&#8221; custom_margin_last_edited=&#8221;on|phone&#8221; global_colors_info=&#8221;{}&#8221;]<\/p>\n<p><strong>Bus &amp; Train:<\/strong><\/p>\n<ul>\n<li>From Berlin BER Airport:<br \/>S9 (Regional train)<\/li>\n<li>From Berlin Central Station:<br \/>S5 towards Strausberg Nord<br \/>S7 towards Ahrensfelde, Wartenberg<br \/>S9 towards Berlin-Sch\u00f6nefeld<\/li>\n<\/ul>\n<p>[\/et_pb_text][\/et_pb_column][et_pb_column type=&#8221;1_3&#8243; _builder_version=&#8221;4.17.6&#8243; _module_preset=&#8221;default&#8221; global_colors_info=&#8221;{}&#8221;][et_pb_text ul_type=&#8221;circle&#8221; ul_item_indent_tablet=&#8221;&#8221; ul_item_indent_phone=&#8221;50px&#8221; ul_item_indent_last_edited=&#8221;on|phone&#8221; disabled_on=&#8221;off|off|off&#8221; _builder_version=&#8221;4.21.0&#8243; _module_preset=&#8221;default&#8221; ul_font=&#8221;|300|||||||&#8221; ul_text_color=&#8221;#000000&#8243; ul_font_size=&#8221;16px&#8221; ul_line_height=&#8221;1.9em&#8221; custom_margin_tablet=&#8221;-45px||||false|false&#8221; custom_margin_phone=&#8221;-45px||||false|false&#8221; custom_margin_last_edited=&#8221;on|phone&#8221; global_colors_info=&#8221;{}&#8221;]<\/p>\n<p><strong>Arrival by Taxi:<\/strong><\/p>\n<ul>\n<li>From Berlin BER Airport<br \/>Travel time approximately 45 minutes.<\/li>\n<li>From Berlin Central Station<br \/>Travel time approximately 10 minutes.<\/li>\n<li>From Bahnhof Berlin-Friedrichstra\u00dfe<br \/>Travel time approximately 4 minutes.<\/li>\n<\/ul>\n<p>[\/et_pb_text][\/et_pb_column][\/et_pb_row][et_pb_row column_structure=&#8221;1_2,1_2&#8243; module_id=&#8221;Event Hotels App&#8221; _builder_version=&#8221;4.21.0&#8243; _module_preset=&#8221;b5aae29d-09f7-4011-93a4-06b230cc1714&#8243; background_enable_color=&#8221;off&#8221; width_phone=&#8221;90%&#8221; custom_padding=&#8221;||0px||false|false&#8221; locked=&#8221;off&#8221; global_colors_info=&#8221;{}&#8221;][et_pb_column type=&#8221;1_2&#8243; _builder_version=&#8221;4.18.0&#8243; _module_preset=&#8221;default&#8221; global_colors_info=&#8221;{}&#8221;][et_pb_toggle title=&#8221;Directions&#8221; open_toggle_text_color=&#8221;#000000&#8243; open_toggle_background_color=&#8221;#FFFFFF&#8221; closed_toggle_background_color=&#8221;#FFFFFF&#8221; icon_color=&#8221;#000000&#8243; toggle_icon=&#8221;&#xe044;||divi||400&#8243; use_icon_font_size=&#8221;on&#8221; icon_font_size=&#8221;26px&#8221; open_icon_color=&#8221;#000000&#8243; open_toggle_icon=&#8221;&#xe043;||divi||400&#8243; open_use_icon_font_size=&#8221;on&#8221; open_icon_font_size=&#8221;26px&#8221; disabled_on=&#8221;on|off|off&#8221; _builder_version=&#8221;4.27.0&#8243; _module_preset=&#8221;default&#8221; title_text_color=&#8221;#000000&#8243; title_level=&#8221;h4&#8243; title_font=&#8221;|||on|||||&#8221; title_text_align=&#8221;center&#8221; body_font=&#8221;|300|||||||&#8221; body_text_align=&#8221;center&#8221; body_text_color=&#8221;#000000&#8243; background_color=&#8221;RGBA(255,255,255,0)&#8221; module_alignment=&#8221;center&#8221; title_font_size_phone=&#8221;4vw&#8221; title_font_size_last_edited=&#8221;off|tablet&#8221; closed_title_font_size_tablet=&#8221;18px&#8221; closed_title_font_size_phone=&#8221;16px&#8221; closed_title_font_size_last_edited=&#8221;off|desktop&#8221; body_font_size_tablet=&#8221;2.5vw&#8221; body_font_size_phone=&#8221;5vw&#8221; body_font_size_last_edited=&#8221;off|desktop&#8221; border_color_all=&#8221;#000000&#8243; global_colors_info=&#8221;{}&#8221;]<\/p>\n<h3>Arrival by car<\/h3>\n<p><strong>Address for Navigation:<\/strong> Alexanderplatz 7, 10178 Berlin<br \/>Parking: Parking Garage<br \/>Prices: Max. \u20ac 24 per 24 hours.<\/p>\n<p><strong>From the North:<\/strong><br \/>Take the A114 motorway towards Berlin-Zentrum\/Berlin-Pankow. Follow the B109\/Prenzlauer Allee and later the Karl-Liebknecht-Stra\u00dfe towards the city center for about 7 kilometers. Turn left into Alexanderstra\u00dfe just before reaching Alexanderplatz.<\/p>\n<p><strong>From the East:<\/strong><br \/>Take the A100 motorway to exit 20 Tempelhofer Damm and continue on B96\/Tempelhofer Damm towards Kreuzberg. Later, continue straight on Wilhelmstra\u00dfe. After about 3.2 kilometers, turn right into Kochstra\u00dfe. At the next intersection, turn left into Friedrichstra\u00dfe and follow the road for about 1 kilometer. Then, turn right into Stra\u00dfe Unter den Linden and continue on Karl-Liebknecht-Stra\u00dfe. After about 1.8 kilometers, turn right into Alexanderstra\u00dfe.<\/p>\n<p><strong>From the South &amp; West:<\/strong><br \/>Take the A100 motorway towards Beusselstra\u00dfe until the end, then continue on Seestra\u00dfe. After about 2 kilometers, turn right into M\u00fcllerstra\u00dfe. Follow the road on Chausseestra\u00dfe and Friedrichstra\u00dfe for about 3 kilometers towards Berlin-Mitte, then turn left at the corner of Unter den Linden. After another 1.8 kilometers, turn right into Alexanderstra\u00dfe.<\/p>\n<h3>Arrival by bus &amp; train<\/h3>\n<p><strong>From Berlin BER Airport:<\/strong><\/p>\n<p>With the S9, the journey takes 44 minutes. Alternatively, you will need 25 minutes with the regional train.<\/p>\n<p>Regional and long-distance trains stop exclusively at the &#8220;Flughafen BER \u2013 Terminal 1-2&#8221; station; S-Bahn trains S9 and S45 stop at both airport stations. Passengers departing from Terminal 5 and arriving at the &#8220;Terminal 1-2&#8221; station with regional or long-distance trains should transfer to the S-Bahn and travel two stations to the &#8220;Terminal 5&#8221; station.<\/p>\n<p><strong>From Berlin Central Station:<\/strong><\/p>\n<p>Take the S-Bahn lines S5 towards Strausberg Nord, S7 towards Ahrensfelde\/Wartenberg, or S9 towards Berlin-Sch\u00f6nefeld to Alexanderplatz station. The journey takes about 7 minutes.<\/p>\n<h3>Arrival by cab<\/h3>\n<p>The specified travel times are approximate and can vary significantly depending on the traffic conditions.<\/p>\n<p><strong>From Berlin BER Airport:<\/strong><br \/>Travel time approximately 45 minutes.<\/p>\n<p><strong>From Berlin Central Station:<\/strong><br \/>Travel time approximately 10 minutes.<\/p>\n<p><strong>From Bahnhof Berlin-Friedrichstra\u00dfe:<\/strong><br \/>Travel time approximately 4 minutes.<\/p>\n<p>[\/et_pb_toggle][et_pb_toggle title=&#8221;Note on the Berlin Ringbahn environmental zone&#8221; open_toggle_text_color=&#8221;#000000&#8243; open_toggle_background_color=&#8221;#FFFFFF&#8221; closed_toggle_background_color=&#8221;#FFFFFF&#8221; icon_color=&#8221;#000000&#8243; toggle_icon=&#8221;&#xe044;||divi||400&#8243; use_icon_font_size=&#8221;on&#8221; icon_font_size=&#8221;26px&#8221; open_icon_color=&#8221;#000000&#8243; open_toggle_icon=&#8221;&#xe043;||divi||400&#8243; open_use_icon_font_size=&#8221;on&#8221; open_icon_font_size=&#8221;26px&#8221; disabled_on=&#8221;on|off|off&#8221; _builder_version=&#8221;4.27.4&#8243; _module_preset=&#8221;default&#8221; title_text_color=&#8221;#000000&#8243; title_level=&#8221;h4&#8243; title_font=&#8221;|||on|||||&#8221; title_text_align=&#8221;center&#8221; body_font=&#8221;|300|||||||&#8221; body_text_align=&#8221;center&#8221; body_text_color=&#8221;#000000&#8243; background_color=&#8221;RGBA(255,255,255,0)&#8221; module_alignment=&#8221;center&#8221; hover_enabled=&#8221;0&#8243; title_font_size_phone=&#8221;4vw&#8221; title_font_size_last_edited=&#8221;off|tablet&#8221; closed_title_font_size_tablet=&#8221;18px&#8221; closed_title_font_size_phone=&#8221;16px&#8221; closed_title_font_size_last_edited=&#8221;off|desktop&#8221; body_font_size_tablet=&#8221;2.5vw&#8221; body_font_size_phone=&#8221;5vw&#8221; body_font_size_last_edited=&#8221;off|desktop&#8221; border_color_all=&#8221;#000000&#8243; global_colors_info=&#8221;{}&#8221; locked=&#8221;off&#8221; sticky_enabled=&#8221;0&#8243;]<\/p>\n<p>Please note that a green emissions sticker is required to enter Berlin\u2019s environmental zone \u2013 located within the S-Bahn ring.<\/p>\n<p>You can find more information on the Berlin.de website about the <a href=\"https:\/\/www.berlin.de\/sen\/uvk\/en\/environment\/air\/low-emission-zone\/\" target=\"_blank\" rel=\"noopener\">emissions sticker<\/a>.<\/p>\n<p>You can conveniently apply for the sticker online: <a href=\"https:\/\/www.berlin.de\/labo\/mobilitaet\/kfz-zulassung\/feinstaubplakette\/shop.85047.php\" target=\"_blank\" rel=\"noopener\">Online Application for Berlin Emissions Sticker<\/a>.<br \/>Please allow time for processing.<\/p>\n<p>[\/et_pb_toggle][\/et_pb_column][et_pb_column type=&#8221;1_2&#8243; _builder_version=&#8221;4.18.0&#8243; _module_preset=&#8221;default&#8221; global_colors_info=&#8221;{}&#8221;][dsm_button button_one_text=&#8221;Directions %91PDF%93&#8243; button_one_url=&#8221;\/wp-content\/uploads\/2024\/02\/Directions-en.pdf&#8221; button_one_url_new_window=&#8221;on&#8221; button_one_tooltip=&#8221;on&#8221; button_one_tooltip_content=&#8221;Download directions&#8221; button_one_tooltip_placement=&#8221;bottom&#8221; button_alignment=&#8221;center&#8221; _builder_version=&#8221;4.24.0&#8243; _module_preset=&#8221;default&#8221; custom_padding=&#8221;||||false|false&#8221; button_one_text_size_tablet=&#8221;16px&#8221; button_one_text_size_phone=&#8221;16px&#8221; button_one_text_size_last_edited=&#8221;off|desktop&#8221; locked=&#8221;off&#8221; global_colors_info=&#8221;{}&#8221; button_one_bg_color__hover_enabled=&#8221;on|hover&#8221; button_one_bg_color__hover=&#8221;#000000&#8243; button_one_bg_enable_color__hover=&#8221;on&#8221; button_one_text_color__hover_enabled=&#8221;on|hover&#8221; button_one_text_color__hover=&#8221;#FFFFFF&#8221; button_one_border_color__hover_enabled=&#8221;on|hover&#8221; button_one_border_color__hover=&#8221;#000000&#8243;][\/dsm_button][\/et_pb_column][\/et_pb_row][\/et_pb_section]<\/p>\n","protected":false},"excerpt":{"rendered":"<p>Park Inn by Radisson Berlin Alexanderplatz | Alexanderplatz 7 | 10178 Berlin | Calculate route \u2192<div class=\"et_pb_module dsm_breadcrumbs dsm_breadcrumbs_0\">\n\t\t\t\t\n\t\t\t\t\n\t\t\t\t\n\t\t\t\t\n\t\t\t\t\n\t\t\t\t\n\t\t\t\t<div class=\"et_pb_module_inner\">\n\t\t\t\t\t<nav class=\"dsm_breadcrumbs_wrap\">\n\t\t\t\t<ul class=\"dsm_breadcrumbs\" itemscope itemtype=\"https:\/\/schema.org\/BreadcrumbList\">\t\t\t<li class=\"dsm_breadcrumbs_item dsm_home_item dsm_home_item_custom\" itemprop=\"itemListElement\" itemscope\n\t\t\titemtype=\"https:\/\/schema.org\/ListItem\">\n\t\t\t\t<a href=\"https:\/\/parkinnberlinalexanderplatz.eventhotels.biz\/en\/\" itemprop=\"item\" target=\"\">\n\t\t\t\t\t<span class='dsm_home_text_wrapper'>\n\t\t\t\t\t\t\t\t\t\t\t\t\t<span class=\"et-pb-icon dsm_home_icon\">&#xe0e3;<\/span>\n\t\t\t\t\t\t\t\t\t\t\t\t\t<span class=\"dsm_home_text\" itemprop=\"name\">\n\t\t\t\t\t\t\t\tHome\t\t\t\t\t\t\t<\/span>\n\t\t\t\t\t<\/span>\n\t\t\t\t<\/a>\n\t\t\t\t<meta itemprop=\"position\" content=\"1\" \/>\n\t\t\t<\/li>\n\n\t\t<li class=\"dsm_breadcrumbs_separator\"> <span class=\"et-pb-icon dsm_separator_icon\">5<\/span><\/li><\/ul>\n\t\t\t<\/nav>\n\t\t\t\t<\/div>\n\t\t\t<\/div>exclusive location directly at Alexanderplatz<div class=\"et_pb_module dica_divi_carousel dica_divi_carousel_0 caroussel\">\n\t\t\t\t\n\t\t\t\t\n\t\t\t\t\n\t\t\t\t\n\t\t\t\t\n\t\t\t\t\n\t\t\t\t<div class=\"et_pb_module_inner\">\n\t\t\t\t\t<div class=\"dica-container  desktop_middle-inside tablet_middle-inside mobile_middle-inside\" data-props='{\"desktop\":\"4\",\"tablet\":\"3\",\"mobile\":\"1\",\"speed\":\"900\",\"arrow\":\"off\",\"dots\":\"on\",\"autoplay\":\"on\",\"autoSpeed\":\"1800\",\"loop\":\"on\",\"item_spacing\":\"30\",\"center_mode\":\"off\",\"slider_effec\":\"1\",\"cover_rotate\":\"50\",\"pause_onhover\":\"on\",\"multislide\":\"off\",\"cfshadow\":\"on\",\"order\":\"0\",\"lazyload\":\"off\",\"lazybefore\":\"off\",\"scroller_effect\":\"off\",\"autowidth\":\"off\",\"item_spacing_tablet\":\"30\",\"item_spacing_phone\":\"30\",\"scroller_speed\":\"4000\",\"hashNavigation\":\"off\",\"simulatetouch\":\"off\",\"allowtouchmove\":\"off\",\"slide_row\":\"1\",\"slide_row_tablet\":\"1\",\"slide_row_phone\":\"1\",\"keyboard\":\"off\",\"mousewheel\":\"off\",\"autoplay_viewport\":\"80%\"}'>\n\t\t\t\t\t\t\t \t<div class=\"swiper-container\" >\n\t\t\t\t\t\t\t\t\t<div class=\"swiper-wrapper\"><div class=\"et_pb_module dica_divi_carouselitem dica_divi_carouselitem_0\">\n\t\t\t\t\n\t\t\t\t\n\t\t\t\t\n\t\t\t\t\n\t\t\t\t\n\t\t\t\t\n\t\t\t\t<div class=\"et_pb_module_inner\">\n\t\t\t\t\t <div class=\"dica-item image_top\"   data-hash=\"dica_divi_carouselitem_0\">\n\t\t\t\t\t\t\t\t\t<div class=\"dica-image-container\"><span class=\"et-pb-icon \" style=\"color: #000000;\">&#xf239;<\/span><\/div>\n\t\t\t\t\t\t\t\t\t<div class=\"dica-item-content\"><h4 class=\"item-title\">S-Bahn, subway, tram<\/h4>   <div \n\t\t\t\t\t\tclass=\"content \" \n\t\t\t\t\t\tdata-settings='{\"status\":\"false\",\"responsive\":\"off\",\"limit\":\"\",\"limit_tablet\":\"\",\"limit_phone\":\"\",\"text_more\":\"\",\"text_less\":\"\"}'>\n\t\t\t\t\t\t100m\n\t\t\t\t\t<\/div>\n\t\t\t\t\t<noscript class=\"content_storage\">100m<\/noscript>     <\/div>\n\t\t\t\t\t\t\t<\/div>\n\t\t\t\t<\/div>\n\t\t\t<\/div><div class=\"et_pb_module dica_divi_carouselitem dica_divi_carouselitem_1\">\n\t\t\t\t\n\t\t\t\t\n\t\t\t\t\n\t\t\t\t\n\t\t\t\t\n\t\t\t\t\n\t\t\t\t<div class=\"et_pb_module_inner\">\n\t\t\t\t\t <div class=\"dica-item image_top\"   data-hash=\"dica_divi_carouselitem_1\">\n\t\t\t\t\t\t\t\t\t<div class=\"dica-image-container\"><span class=\"et-pb-icon \" style=\"color: #000000;\">&#xf07a;<\/span><\/div>\n\t\t\t\t\t\t\t\t\t<div class=\"dica-item-content\"><h4 class=\"item-title\">Alexa Shoppingcenter<\/h4>   <div \n\t\t\t\t\t\tclass=\"content \" \n\t\t\t\t\t\tdata-settings='{\"status\":\"false\",\"responsive\":\"off\",\"limit\":\"\",\"limit_tablet\":\"\",\"limit_phone\":\"\",\"text_more\":\"\",\"text_less\":\"\"}'>\n\t\t\t\t\t\t100m\n\t\t\t\t\t<\/div>\n\t\t\t\t\t<noscript class=\"content_storage\">100m<\/noscript>     <\/div>\n\t\t\t\t\t\t\t<\/div>\n\t\t\t\t<\/div>\n\t\t\t<\/div><div class=\"et_pb_module dica_divi_carouselitem dica_divi_carouselitem_2\">\n\t\t\t\t\n\t\t\t\t\n\t\t\t\t\n\t\t\t\t\n\t\t\t\t\n\t\t\t\t\n\t\t\t\t<div class=\"et_pb_module_inner\">\n\t\t\t\t\t <div class=\"dica-item image_top\"   data-hash=\"dica_divi_carouselitem_2\">\n\t\t\t\t\t\t\t\t\t<div class=\"dica-image-container\"><span class=\"et-pb-icon \" style=\"color: #000000;\">&#xf594;<\/span><\/div>\n\t\t\t\t\t\t\t\t\t<div class=\"dica-item-content\"><h4 class=\"item-title\">Berlin Congress Center<\/h4>   <div \n\t\t\t\t\t\tclass=\"content \" \n\t\t\t\t\t\tdata-settings='{\"status\":\"false\",\"responsive\":\"off\",\"limit\":\"\",\"limit_tablet\":\"\",\"limit_phone\":\"\",\"text_more\":\"\",\"text_less\":\"\"}'>\n\t\t\t\t\t\t100m\n\t\t\t\t\t<\/div>\n\t\t\t\t\t<noscript class=\"content_storage\">100m<\/noscript>     <\/div>\n\t\t\t\t\t\t\t<\/div>\n\t\t\t\t<\/div>\n\t\t\t<\/div><div class=\"et_pb_module dica_divi_carouselitem dica_divi_carouselitem_3\">\n\t\t\t\t\n\t\t\t\t\n\t\t\t\t\n\t\t\t\t\n\t\t\t\t\n\t\t\t\t\n\t\t\t\t<div class=\"et_pb_module_inner\">\n\t\t\t\t\t <div class=\"dica-item image_top\"   data-hash=\"dica_divi_carouselitem_3\">\n\t\t\t\t\t\t\t\t\t<div class=\"dica-image-container\"><span class=\"et-pb-icon \" style=\"color: #000000;\">&#xf3c5;<\/span><\/div>\n\t\t\t\t\t\t\t\t\t<div class=\"dica-item-content\"><h4 class=\"item-title\">TV Tower<\/h4>   <div \n\t\t\t\t\t\tclass=\"content \" \n\t\t\t\t\t\tdata-settings='{\"status\":\"false\",\"responsive\":\"off\",\"limit\":\"\",\"limit_tablet\":\"\",\"limit_phone\":\"\",\"text_more\":\"\",\"text_less\":\"\"}'>\n\t\t\t\t\t\t200m\n\t\t\t\t\t<\/div>\n\t\t\t\t\t<noscript class=\"content_storage\">200m<\/noscript>     <\/div>\n\t\t\t\t\t\t\t<\/div>\n\t\t\t\t<\/div>\n\t\t\t<\/div><div class=\"et_pb_module dica_divi_carouselitem dica_divi_carouselitem_4\">\n\t\t\t\t\n\t\t\t\t\n\t\t\t\t\n\t\t\t\t\n\t\t\t\t\n\t\t\t\t\n\t\t\t\t<div class=\"et_pb_module_inner\">\n\t\t\t\t\t <div class=\"dica-item image_top\"   data-hash=\"dica_divi_carouselitem_4\">\n\t\t\t\t\t\t\t\t\t<div class=\"dica-image-container\"><span class=\"et-pb-icon \" style=\"color: #000000;\">&#xf557;<\/span><\/div>\n\t\t\t\t\t\t\t\t\t<div class=\"dica-item-content\"><h4 class=\"item-title\">Brandenburg Gate<\/h4>   <div \n\t\t\t\t\t\tclass=\"content \" \n\t\t\t\t\t\tdata-settings='{\"status\":\"false\",\"responsive\":\"off\",\"limit\":\"\",\"limit_tablet\":\"\",\"limit_phone\":\"\",\"text_more\":\"\",\"text_less\":\"\"}'>\n\t\t\t\t\t\t2,5 km\n\t\t\t\t\t<\/div>\n\t\t\t\t\t<noscript class=\"content_storage\">2,5 km<\/noscript>     <\/div>\n\t\t\t\t\t\t\t<\/div>\n\t\t\t\t<\/div>\n\t\t\t<\/div><div class=\"et_pb_module dica_divi_carouselitem dica_divi_carouselitem_5\">\n\t\t\t\t\n\t\t\t\t\n\t\t\t\t\n\t\t\t\t\n\t\t\t\t\n\t\t\t\t\n\t\t\t\t<div class=\"et_pb_module_inner\">\n\t\t\t\t\t <div class=\"dica-item image_top\"   data-hash=\"dica_divi_carouselitem_5\">\n\t\t\t\t\t\t\t\t\t<div class=\"dica-image-container\"><span class=\"et-pb-icon \" style=\"color: #000000;\">&#xf3c5;<\/span><\/div>\n\t\t\t\t\t\t\t\t\t<div class=\"dica-item-content\"><h4 class=\"item-title\">Holocaust Memorial<\/h4>   <div \n\t\t\t\t\t\tclass=\"content \" \n\t\t\t\t\t\tdata-settings='{\"status\":\"false\",\"responsive\":\"off\",\"limit\":\"\",\"limit_tablet\":\"\",\"limit_phone\":\"\",\"text_more\":\"\",\"text_less\":\"\"}'>\n\t\t\t\t\t\t2,5 km\n\t\t\t\t\t<\/div>\n\t\t\t\t\t<noscript class=\"content_storage\">2,5 km<\/noscript>     <\/div>\n\t\t\t\t\t\t\t<\/div>\n\t\t\t\t<\/div>\n\t\t\t<\/div><div class=\"et_pb_module dica_divi_carouselitem dica_divi_carouselitem_6\">\n\t\t\t\t\n\t\t\t\t\n\t\t\t\t\n\t\t\t\t\n\t\t\t\t\n\t\t\t\t\n\t\t\t\t<div class=\"et_pb_module_inner\">\n\t\t\t\t\t <div class=\"dica-item image_top\"   data-hash=\"dica_divi_carouselitem_6\">\n\t\t\t\t\t\t\t\t\t<div class=\"dica-image-container\"><span class=\"et-pb-icon \" style=\"color: #000000;\">&#xf19c;<\/span><\/div>\n\t\t\t\t\t\t\t\t\t<div class=\"dica-item-content\"><h4 class=\"item-title\">Komische Oper<\/h4>   <div \n\t\t\t\t\t\tclass=\"content \" \n\t\t\t\t\t\tdata-settings='{\"status\":\"false\",\"responsive\":\"off\",\"limit\":\"\",\"limit_tablet\":\"\",\"limit_phone\":\"\",\"text_more\":\"\",\"text_less\":\"\"}'>\n\t\t\t\t\t\t2,8 km\n\t\t\t\t\t<\/div>\n\t\t\t\t\t<noscript class=\"content_storage\">2,8 km<\/noscript>     <\/div>\n\t\t\t\t\t\t\t<\/div>\n\t\t\t\t<\/div>\n\t\t\t<\/div><div class=\"et_pb_module dica_divi_carouselitem dica_divi_carouselitem_7\">\n\t\t\t\t\n\t\t\t\t\n\t\t\t\t\n\t\t\t\t\n\t\t\t\t\n\t\t\t\t\n\t\t\t\t<div class=\"et_pb_module_inner\">\n\t\t\t\t\t <div class=\"dica-item image_top\"   data-hash=\"dica_divi_carouselitem_7\">\n\t\t\t\t\t\t\t\t\t<div class=\"dica-image-container\"><span class=\"et-pb-icon \" style=\"color: #000000;\">&#xf239;<\/span><\/div>\n\t\t\t\t\t\t\t\t\t<div class=\"dica-item-content\"><h4 class=\"item-title\">Berlin Central Station<\/h4>   <div \n\t\t\t\t\t\tclass=\"content \" \n\t\t\t\t\t\tdata-settings='{\"status\":\"false\",\"responsive\":\"off\",\"limit\":\"\",\"limit_tablet\":\"\",\"limit_phone\":\"\",\"text_more\":\"\",\"text_less\":\"\"}'>\n\t\t\t\t\t\t4,7 km\n\t\t\t\t\t<\/div>\n\t\t\t\t\t<noscript class=\"content_storage\">4,7 km<\/noscript>     <\/div>\n\t\t\t\t\t\t\t<\/div>\n\t\t\t\t<\/div>\n\t\t\t<\/div><div class=\"et_pb_module dica_divi_carouselitem dica_divi_carouselitem_8\">\n\t\t\t\t\n\t\t\t\t\n\t\t\t\t\n\t\t\t\t\n\t\t\t\t\n\t\t\t\t\n\t\t\t\t<div class=\"et_pb_module_inner\">\n\t\t\t\t\t <div class=\"dica-item image_top\"   data-hash=\"dica_divi_carouselitem_8\">\n\t\t\t\t\t\t\t\t\t<div class=\"dica-image-container\"><span class=\"et-pb-icon \" style=\"color: #000000;\">&#xf0c0;<\/span><\/div>\n\t\t\t\t\t\t\t\t\t<div class=\"dica-item-content\"><h4 class=\"item-title\">Berlin Trade Fair<\/h4>   <div \n\t\t\t\t\t\tclass=\"content \" \n\t\t\t\t\t\tdata-settings='{\"status\":\"false\",\"responsive\":\"off\",\"limit\":\"\",\"limit_tablet\":\"\",\"limit_phone\":\"\",\"text_more\":\"\",\"text_less\":\"\"}'>\n\t\t\t\t\t\t11 km\n\t\t\t\t\t<\/div>\n\t\t\t\t\t<noscript class=\"content_storage\">11 km<\/noscript>     <\/div>\n\t\t\t\t\t\t\t<\/div>\n\t\t\t\t<\/div>\n\t\t\t<\/div><div class=\"et_pb_module dica_divi_carouselitem dica_divi_carouselitem_9\">\n\t\t\t\t\n\t\t\t\t\n\t\t\t\t\n\t\t\t\t\n\t\t\t\t\n\t\t\t\t\n\t\t\t\t<div class=\"et_pb_module_inner\">\n\t\t\t\t\t <div class=\"dica-item image_top\"   data-hash=\"dica_divi_carouselitem_9\">\n\t\t\t\t\t\t\t\t\t<div class=\"dica-image-container\"><span class=\"et-pb-icon \" style=\"color: #000000;\">&#xf5b0;<\/span><\/div>\n\t\t\t\t\t\t\t\t\t<div class=\"dica-item-content\"><h4 class=\"item-title\">Berlin Brandenburg Airport BER<\/h4>   <div \n\t\t\t\t\t\tclass=\"content \" \n\t\t\t\t\t\tdata-settings='{\"status\":\"false\",\"responsive\":\"off\",\"limit\":\"\",\"limit_tablet\":\"\",\"limit_phone\":\"\",\"text_more\":\"\",\"text_less\":\"\"}'>\n\t\t\t\t\t\t26,7 km\n\t\t\t\t\t<\/div>\n\t\t\t\t\t<noscript class=\"content_storage\">26,7 km<\/noscript>     <\/div>\n\t\t\t\t\t\t\t<\/div>\n\t\t\t\t<\/div>\n\t\t\t<\/div><\/div>\t\n\t\t\t\t\t\t\t\t<\/div>\t\n\t\t\t\t\t\t\t\t\n\t\t\t\t\t\t\t\t<div class=\"swiper-pagination dica-paination-0\"><\/div>\t\t\t\t\t\t\n\t\t\t\t\t\t\t<\/div>\n\t\t\t\t<\/div>\n\t\t\t<\/div>The Park Inn by Radisson Berlin Alexanderplatz is the tallest hotel in Germany and the second-largest hotel in Germany with over 1029 rooms. Alongside the Berlin TV Tower, the Park Inn [&hellip;]<\/p>\n","protected":false},"author":5,"featured_media":232192,"parent":0,"menu_order":0,"comment_status":"closed","ping_status":"closed","template":"","meta":{"_et_pb_use_builder":"on","_et_pb_old_content":"","_et_gb_content_width":"","footnotes":""},"difl_page_category":[],"class_list":["post-31360","page","type-page","status-publish","has-post-thumbnail","hentry"],"_links":{"self":[{"href":"https:\/\/parkinnberlinalexanderplatz.eventhotels.biz\/en\/wp-json\/wp\/v2\/pages\/31360","targetHints":{"allow":["GET"]}}],"collection":[{"href":"https:\/\/parkinnberlinalexanderplatz.eventhotels.biz\/en\/wp-json\/wp\/v2\/pages"}],"about":[{"href":"https:\/\/parkinnberlinalexanderplatz.eventhotels.biz\/en\/wp-json\/wp\/v2\/types\/page"}],"author":[{"embeddable":true,"href":"https:\/\/parkinnberlinalexanderplatz.eventhotels.biz\/en\/wp-json\/wp\/v2\/users\/5"}],"replies":[{"embeddable":true,"href":"https:\/\/parkinnberlinalexanderplatz.eventhotels.biz\/en\/wp-json\/wp\/v2\/comments?post=31360"}],"version-history":[{"count":0,"href":"https:\/\/parkinnberlinalexanderplatz.eventhotels.biz\/en\/wp-json\/wp\/v2\/pages\/31360\/revisions"}],"wp:featuredmedia":[{"embeddable":true,"href":"https:\/\/parkinnberlinalexanderplatz.eventhotels.biz\/en\/wp-json\/wp\/v2\/media\/232192"}],"wp:attachment":[{"href":"https:\/\/parkinnberlinalexanderplatz.eventhotels.biz\/en\/wp-json\/wp\/v2\/media?parent=31360"}],"wp:term":[{"taxonomy":"difl_page_category","embeddable":true,"href":"https:\/\/parkinnberlinalexanderplatz.eventhotels.biz\/en\/wp-json\/wp\/v2\/difl_page_category?post=31360"}],"curies":[{"name":"wp","href":"https:\/\/api.w.org\/{rel}","templated":true}]}}